{"version":"1.0","provider_name":"Blog de AGENDA 21 en ESCOLAPIOS Granada","provider_url":"https:\/\/blogs.granada.escolapiosemaus.org\/agenda21","title":"D\u00cdA DEL \u00c1RBOL - Blog de AGENDA 21 en ESCOLAPIOS Granada","type":"rich","width":600,"height":338,"html":"<blockquote class=\"wp-embedded-content\" data-secret=\"DpkFLE3oAI\"><a href=\"https:\/\/blogs.granada.escolapiosemaus.org\/agenda21\/2014\/03\/20\/dia-del-arbol\/\">D\u00cdA DEL \u00c1RBOL<\/a><\/blockquote><iframe sandbox=\"allow-scripts\" security=\"restricted\" src=\"https:\/\/blogs.granada.escolapiosemaus.org\/agenda21\/2014\/03\/20\/dia-del-arbol\/embed\/#?secret=DpkFLE3oAI\" width=\"600\" height=\"338\" title=\"\u00abD\u00cdA DEL \u00c1RBOL\u00bb \u2014 Blog de AGENDA 21 en ESCOLAPIOS Granada\" data-secret=\"DpkFLE3oAI\" frameborder=\"0\" marginwidth=\"0\" marginheight=\"0\" scrolling=\"no\" class=\"wp-embedded-content\"><\/iframe><script type=\"text\/javascript\">\n\/* <![CDATA[ *\/\n\/*! This file is auto-generated *\/\n!function(d,l){\"use strict\";l.querySelector&&d.addEventListener&&\"undefined\"!=typeof URL&&(d.wp=d.wp||{},d.wp.receiveEmbedMessage||(d.wp.receiveEmbedMessage=function(e){var t=e.data;if((t||t.secret||t.message||t.value)&&!\/[^a-zA-Z0-9]\/.test(t.secret)){for(var s,r,n,a=l.querySelectorAll('iframe[data-secret=\"'+t.secret+'\"]'),o=l.querySelectorAll('blockquote[data-secret=\"'+t.secret+'\"]'),c=new RegExp(\"^https?:$\",\"i\"),i=0;i<o.length;i++)o[i].style.display=\"none\";for(i=0;i<a.length;i++)s=a[i],e.source===s.contentWindow&&(s.removeAttribute(\"style\"),\"height\"===t.message?(1e3<(r=parseInt(t.value,10))?r=1e3:~~r<200&&(r=200),s.height=r):\"link\"===t.message&&(r=new URL(s.getAttribute(\"src\")),n=new URL(t.value),c.test(n.protocol))&&n.host===r.host&&l.activeElement===s&&(d.top.location.href=t.value))}},d.addEventListener(\"message\",d.wp.receiveEmbedMessage,!1),l.addEventListener(\"DOMContentLoaded\",function(){for(var e,t,s=l.querySelectorAll(\"iframe.wp-embedded-content\"),r=0;r<s.length;r++)(t=(e=s[r]).getAttribute(\"data-secret\"))||(t=Math.random().toString(36).substring(2,12),e.src+=\"#?secret=\"+t,e.setAttribute(\"data-secret\",t)),e.contentWindow.postMessage({message:\"ready\",secret:t},\"*\")},!1)))}(window,document);\n\/* ]]> *\/\n<\/script>\n","thumbnail_url":"https:\/\/blogs.granada.escolapiosemaus.org\/agenda21\/wp-content\/uploads\/sites\/12\/2014\/03\/306_WVEG_1.jpg","thumbnail_width":306,"thumbnail_height":298,"description":"Ma\u00f1ana, d\u00eda 21 de marzo, se celebra el D\u00eda Internacional del \u00c1rbol. En 1840 Suecia fue el primer pa\u00eds del mundo que instituy\u00f3 un d\u00eda dedicado al \u00e1rbol. Era la muestra de la toma de conciencia ante la importancia que tienen los recursos forestales, adem\u00e1s de un compromiso por el cuidado de los \u00e1rboles. Siguiendo [&hellip;]"}